{"id":242,"date":"2025-10-01T10:27:45","date_gmt":"2025-10-01T15:27:45","guid":{"rendered":"https:\/\/odecarequipa.com\/?page_id=242"},"modified":"2025-10-09T10:21:30","modified_gmt":"2025-10-09T15:21:30","slug":"conocenos","status":"publish","type":"page","link":"https:\/\/odecarequipa.com\/index.php\/conocenos\/","title":{"rendered":"Con\u00f3cenos"},"content":{"rendered":"\t\t<div data-elementor-type=\"wp-page\" data-elementor-id=\"242\" class=\"elementor elementor-242\" data-elementor-post-type=\"page\">\n\t\t\t\t<div class=\"elementor-element elementor-element-55b874e e-flex e-con-boxed e-con e-parent\" data-id=\"55b874e\" data-element_type=\"container\">\n\t\t\t\t\t<div class=\"e-con-inner\">\n\t\t<div class=\"elementor-element elementor-element-bf7f125 e-con-full e-flex e-con e-child\" data-id=\"bf7f125\" data-element_type=\"container\" data-settings=\"{&quot;background_background&quot;:&quot;classic&quot;}\">\n\t\t\t\t<div class=\"elementor-element elementor-element-82b2d20 elementor-widget elementor-widget-heading\" data-id=\"82b2d20\" data-element_type=\"widget\" data-widget_type=\"heading.default\">\n\t\t\t\t\t<h2 class=\"elementor-heading-title elementor-size-default\">Con\u00f3cenos<\/h2>\t\t\t\t<\/div>\n\t\t\t\t<\/div>\n\t\t\t\t\t<\/div>\n\t\t\t\t<\/div>\n\t\t<div class=\"elementor-element elementor-element-29bc183 e-flex e-con-boxed e-con e-parent\" data-id=\"29bc183\" data-element_type=\"container\">\n\t\t\t\t\t<div class=\"e-con-inner\">\n\t\t<div class=\"elementor-element elementor-element-3f3e39f e-con-full e-flex e-con e-child\" data-id=\"3f3e39f\" data-element_type=\"container\">\n\t\t\t\t<div class=\"elementor-element elementor-element-84ebe40 elementor-widget elementor-widget-image\" data-id=\"84ebe40\" data-element_type=\"widget\" data-widget_type=\"image.default\">\n\t\t\t\t\t\t\t\t\t\t\t\t\t\t\t<img fetchpriority=\"high\" decoding=\"async\" width=\"800\" height=\"450\" src=\"https:\/\/odecarequipa.com\/wp-content\/uploads\/2025\/10\/fotoodec-1024x576.jpg\" class=\"attachment-large size-large wp-image-283\" alt=\"\" srcset=\"https:\/\/odecarequipa.com\/wp-content\/uploads\/2025\/10\/fotoodec-1024x576.jpg 1024w, https:\/\/odecarequipa.com\/wp-content\/uploads\/2025\/10\/fotoodec-300x169.jpg 300w, https:\/\/odecarequipa.com\/wp-content\/uploads\/2025\/10\/fotoodec-768x432.jpg 768w, https:\/\/odecarequipa.com\/wp-content\/uploads\/2025\/10\/fotoodec-1536x864.jpg 1536w, https:\/\/odecarequipa.com\/wp-content\/uploads\/2025\/10\/fotoodec.jpg 1599w\" sizes=\"(max-width: 800px) 100vw, 800px\" \/>\t\t\t\t\t\t\t\t\t\t\t\t\t\t\t<\/div>\n\t\t\t\t<\/div>\n\t\t<div class=\"elementor-element elementor-element-eb5a59f e-con-full e-flex e-con e-child\" data-id=\"eb5a59f\" data-element_type=\"container\">\n\t\t\t\t<div class=\"elementor-element elementor-element-b763540 elementor-widget elementor-widget-heading\" data-id=\"b763540\" data-element_type=\"widget\" data-widget_type=\"heading.default\">\n\t\t\t\t\t<h2 class=\"elementor-heading-title elementor-size-default\">Bienvenida<\/h2>\t\t\t\t<\/div>\n\t\t\t\t<div class=\"elementor-element elementor-element-ead14ee elementor-widget elementor-widget-text-editor\" data-id=\"ead14ee\" data-element_type=\"widget\" data-widget_type=\"text-editor.default\">\n\t\t\t\t\t\t\t\t\t<p>Te damos una cordial y fraterna bienvenida a nuestra p\u00e1gina web.<\/p><p>Esperamos que nuestra web sirva de soporte a la comunicaci\u00f3n cercana y continua que la ODEC Arequipa quiere mantener con cada uno de nuestros profesores y con aquellos que comparten la misma vocaci\u00f3n en las instituciones educativas de Acci\u00f3n Conjunta, de Convenio, del Consorcio de Centros Educativos Cat\u00f3licos y de CIRCA.<\/p><p><strong>\u00abMar\u00eda estrella de la nueva evangelizaci\u00f3n, ilum\u00edna nuestras vidas\u00bb<\/strong><\/p>\t\t\t\t\t\t\t\t<\/div>\n\t\t\t\t<\/div>\n\t\t\t\t\t<\/div>\n\t\t\t\t<\/div>\n\t\t<div class=\"elementor-element elementor-element-ecb131f e-flex e-con-boxed e-con e-parent\" data-id=\"ecb131f\" data-element_type=\"container\" data-settings=\"{&quot;background_background&quot;:&quot;classic&quot;}\">\n\t\t\t\t\t<div class=\"e-con-inner\">\n\t\t<div class=\"elementor-element elementor-element-2bfb01a e-con-full e-flex e-con e-child\" data-id=\"2bfb01a\" data-element_type=\"container\" data-settings=\"{&quot;background_background&quot;:&quot;classic&quot;}\">\n\t\t\t\t<div class=\"elementor-element elementor-element-e5f8be6 elementor-view-default elementor-widget elementor-widget-icon\" data-id=\"e5f8be6\" data-element_type=\"widget\" data-widget_type=\"icon.default\">\n\t\t\t\t\t\t\t<div class=\"elementor-icon-wrapper\">\n\t\t\t<div class=\"elementor-icon\">\n\t\t\t<svg aria-hidden=\"true\" class=\"e-font-icon-svg e-far-check-circle\" viewBox=\"0 0 512 512\" xmlns=\"http:\/\/www.w3.org\/2000\/svg\"><path d=\"M256 8C119.033 8 8 119.033 8 256s111.033 248 248 248 248-111.033 248-248S392.967 8 256 8zm0 48c110.532 0 200 89.451 200 200 0 110.532-89.451 200-200 200-110.532 0-200-89.451-200-200 0-110.532 89.451-200 200-200m140.204 130.267l-22.536-22.718c-4.667-4.705-12.265-4.736-16.97-.068L215.346 303.697l-59.792-60.277c-4.667-4.705-12.265-4.736-16.97-.069l-22.719 22.536c-4.705 4.667-4.736 12.265-.068 16.971l90.781 91.516c4.667 4.705 12.265 4.736 16.97.068l172.589-171.204c4.704-4.668 4.734-12.266.067-16.971z\"><\/path><\/svg>\t\t\t<\/div>\n\t\t<\/div>\n\t\t\t\t\t\t<\/div>\n\t\t\t\t<div class=\"elementor-element elementor-element-d154fa7 elementor-widget elementor-widget-heading\" data-id=\"d154fa7\" data-element_type=\"widget\" data-widget_type=\"heading.default\">\n\t\t\t\t\t<h2 class=\"elementor-heading-title elementor-size-default\">Misi\u00f3n<\/h2>\t\t\t\t<\/div>\n\t\t\t\t<div class=\"elementor-element elementor-element-5db3426 elementor-widget elementor-widget-text-editor\" data-id=\"5db3426\" data-element_type=\"widget\" data-widget_type=\"text-editor.default\">\n\t\t\t\t\t\t\t\t\t<p>Es una Instituci\u00f3n, que forma parte de la Curia Arquidiocesana de Arequipa, que promueve y tutela el servicio de la Educaci\u00f3n Cat\u00f3lica en las Instituciones Educativas, garantizando la formaci\u00f3n doctrinal y moral de los estudiantes del \u00e1mbito de la Arquidi\u00f3cesis de Arequipa, mediante la capacitaci\u00f3n, actualizaci\u00f3n y monitoreo de los docentes responsables del \u00c1rea de Educaci\u00f3n Religiosa, de todas las modalidades del Sistema Educativo Peruano, teniendo como referencias las ense\u00f1anzas del Magisterio de la Iglesia y los lineamientos pastorales de la Arquidi\u00f3cesis.<\/p>\t\t\t\t\t\t\t\t<\/div>\n\t\t\t\t<\/div>\n\t\t<div class=\"elementor-element elementor-element-1fd26db e-con-full e-flex e-con e-child\" data-id=\"1fd26db\" data-element_type=\"container\" data-settings=\"{&quot;background_background&quot;:&quot;classic&quot;}\">\n\t\t\t\t<div class=\"elementor-element elementor-element-e861040 elementor-view-default elementor-widget elementor-widget-icon\" data-id=\"e861040\" data-element_type=\"widget\" data-widget_type=\"icon.default\">\n\t\t\t\t\t\t\t<div class=\"elementor-icon-wrapper\">\n\t\t\t<div class=\"elementor-icon\">\n\t\t\t<svg aria-hidden=\"true\" class=\"e-font-icon-svg e-fab-telegram-plane\" viewBox=\"0 0 448 512\" xmlns=\"http:\/\/www.w3.org\/2000\/svg\"><path d=\"M446.7 98.6l-67.6 318.8c-5.1 22.5-18.4 28.1-37.3 17.5l-103-75.9-49.7 47.8c-5.5 5.5-10.1 10.1-20.7 10.1l7.4-104.9 190.9-172.5c8.3-7.4-1.8-11.5-12.9-4.1L117.8 284 16.2 252.2c-22.1-6.9-22.5-22.1 4.6-32.7L418.2 66.4c18.4-6.9 34.5 4.1 28.5 32.2z\"><\/path><\/svg>\t\t\t<\/div>\n\t\t<\/div>\n\t\t\t\t\t\t<\/div>\n\t\t\t\t<div class=\"elementor-element elementor-element-f174672 elementor-widget elementor-widget-heading\" data-id=\"f174672\" data-element_type=\"widget\" data-widget_type=\"heading.default\">\n\t\t\t\t\t<h2 class=\"elementor-heading-title elementor-size-default\">Visi\u00f3n<\/h2>\t\t\t\t<\/div>\n\t\t\t\t<div class=\"elementor-element elementor-element-ebee1e5 elementor-widget elementor-widget-text-editor\" data-id=\"ebee1e5\" data-element_type=\"widget\" data-widget_type=\"text-editor.default\">\n\t\t\t\t\t\t\t\t\t<p>La Oficina Diocesana de Educaci\u00f3n Cat\u00f3lica (ODEC) Arequipa promover\u00e1 y fortalecer\u00e1 constantemente el desarrollo de la Educaci\u00f3n Cat\u00f3lica, capacitando permanentemente en el aspecto espiritual, moral y t\u00e9cnico pedag\u00f3gico a los docentes del \u00c1rea de Educaci\u00f3n Religiosa, para que sean conscientes de la funci\u00f3n prof\u00e9tica, sacerdotal y regia que han recibido por el bautismo y la misi\u00f3n confiada por la Iglesia como educadores de la fe, contribuyendo as\u00ed en la formaci\u00f3n integral de sus estudiantes, para una educaci\u00f3n de calidad.<\/p>\t\t\t\t\t\t\t\t<\/div>\n\t\t\t\t<\/div>\n\t\t\t\t\t<\/div>\n\t\t\t\t<\/div>\n\t\t<div class=\"elementor-element elementor-element-a13bd09 e-flex e-con-boxed e-con e-parent\" data-id=\"a13bd09\" data-element_type=\"container\">\n\t\t\t\t\t<div class=\"e-con-inner\">\n\t\t\t\t<div class=\"elementor-element elementor-element-326f6b8 elementor-widget elementor-widget-heading\" data-id=\"326f6b8\" data-element_type=\"widget\" data-widget_type=\"heading.default\">\n\t\t\t\t\t<h2 class=\"elementor-heading-title elementor-size-default\">Nuestro equipo<\/h2>\t\t\t\t<\/div>\n\t\t<div class=\"elementor-element elementor-element-dbb81a5 e-con-full e-flex e-con e-child\" data-id=\"dbb81a5\" data-element_type=\"container\">\n\t\t<div class=\"elementor-element elementor-element-d998151 e-con-full e-flex e-con e-child\" data-id=\"d998151\" data-element_type=\"container\" data-settings=\"{&quot;background_background&quot;:&quot;classic&quot;}\">\n\t\t\t\t<div class=\"elementor-element elementor-element-7b2eb4d elementor-widget__width-initial elementor-widget elementor-widget-image\" data-id=\"7b2eb4d\" data-element_type=\"widget\" data-widget_type=\"image.default\">\n\t\t\t\t\t\t\t\t\t\t\t\t\t\t\t<img decoding=\"async\" width=\"251\" height=\"251\" src=\"https:\/\/odecarequipa.com\/wp-content\/uploads\/2025\/10\/jdra-1.jpg\" class=\"attachment-full size-full wp-image-249\" alt=\"\" srcset=\"https:\/\/odecarequipa.com\/wp-content\/uploads\/2025\/10\/jdra-1.jpg 251w, https:\/\/odecarequipa.com\/wp-content\/uploads\/2025\/10\/jdra-1-150x150.jpg 150w\" sizes=\"(max-width: 251px) 100vw, 251px\" \/>\t\t\t\t\t\t\t\t\t\t\t\t\t\t\t<\/div>\n\t\t\t\t<div class=\"elementor-element elementor-element-76aabba elementor-widget elementor-widget-heading\" data-id=\"76aabba\" data-element_type=\"widget\" data-widget_type=\"heading.default\">\n\t\t\t\t\t<h5 class=\"elementor-heading-title elementor-size-default\">Mons. Javier Del R\u00edo Alba<\/h5>\t\t\t\t<\/div>\n\t\t\t\t<div class=\"elementor-element elementor-element-58e282a elementor-widget elementor-widget-text-editor\" data-id=\"58e282a\" data-element_type=\"widget\" data-widget_type=\"text-editor.default\">\n\t\t\t\t\t\t\t\t\t<p>Arzobispo de Arequipa<\/p>\t\t\t\t\t\t\t\t<\/div>\n\t\t\t\t<\/div>\n\t\t<div class=\"elementor-element elementor-element-d9049d7 e-con-full e-flex e-con e-child\" data-id=\"d9049d7\" data-element_type=\"container\" data-settings=\"{&quot;background_background&quot;:&quot;classic&quot;}\">\n\t\t\t\t<div class=\"elementor-element elementor-element-244c8cf elementor-widget__width-initial elementor-widget elementor-widget-image\" data-id=\"244c8cf\" data-element_type=\"widget\" data-widget_type=\"image.default\">\n\t\t\t\t\t\t\t\t\t\t\t\t\t\t\t<img decoding=\"async\" width=\"251\" height=\"251\" src=\"https:\/\/odecarequipa.com\/wp-content\/uploads\/2025\/10\/raulc-1.jpg\" class=\"attachment-full size-full wp-image-247\" alt=\"\" srcset=\"https:\/\/odecarequipa.com\/wp-content\/uploads\/2025\/10\/raulc-1.jpg 251w, https:\/\/odecarequipa.com\/wp-content\/uploads\/2025\/10\/raulc-1-150x150.jpg 150w\" sizes=\"(max-width: 251px) 100vw, 251px\" \/>\t\t\t\t\t\t\t\t\t\t\t\t\t\t\t<\/div>\n\t\t\t\t<div class=\"elementor-element elementor-element-bc68928 elementor-widget elementor-widget-heading\" data-id=\"bc68928\" data-element_type=\"widget\" data-widget_type=\"heading.default\">\n\t\t\t\t\t<h5 class=\"elementor-heading-title elementor-size-default\">Mons. Ra\u00fal Chau Quispe <\/h5>\t\t\t\t<\/div>\n\t\t\t\t<div class=\"elementor-element elementor-element-d8c3588 elementor-widget elementor-widget-text-editor\" data-id=\"d8c3588\" data-element_type=\"widget\" data-widget_type=\"text-editor.default\">\n\t\t\t\t\t\t\t\t\t<p>Obispo Auxiliar<\/p>\t\t\t\t\t\t\t\t<\/div>\n\t\t\t\t<\/div>\n\t\t<div class=\"elementor-element elementor-element-729ec25 e-con-full e-flex e-con e-child\" data-id=\"729ec25\" data-element_type=\"container\" data-settings=\"{&quot;background_background&quot;:&quot;classic&quot;}\">\n\t\t\t\t<div class=\"elementor-element elementor-element-d6cb93a elementor-widget__width-initial elementor-widget elementor-widget-image\" data-id=\"d6cb93a\" data-element_type=\"widget\" data-widget_type=\"image.default\">\n\t\t\t\t\t\t\t\t\t\t\t\t\t\t\t<img loading=\"lazy\" decoding=\"async\" width=\"251\" height=\"251\" src=\"https:\/\/odecarequipa.com\/wp-content\/uploads\/2025\/10\/isela.jpg\" class=\"attachment-full size-full wp-image-248\" alt=\"\" srcset=\"https:\/\/odecarequipa.com\/wp-content\/uploads\/2025\/10\/isela.jpg 251w, https:\/\/odecarequipa.com\/wp-content\/uploads\/2025\/10\/isela-150x150.jpg 150w\" sizes=\"(max-width: 251px) 100vw, 251px\" \/>\t\t\t\t\t\t\t\t\t\t\t\t\t\t\t<\/div>\n\t\t\t\t<div class=\"elementor-element elementor-element-ce30b2d elementor-widget elementor-widget-heading\" data-id=\"ce30b2d\" data-element_type=\"widget\" data-widget_type=\"heading.default\">\n\t\t\t\t\t<h5 class=\"elementor-heading-title elementor-size-default\">Isela Cruz Vincha<\/h5>\t\t\t\t<\/div>\n\t\t\t\t<div class=\"elementor-element elementor-element-1b6e3c0 elementor-widget elementor-widget-text-editor\" data-id=\"1b6e3c0\" data-element_type=\"widget\" data-widget_type=\"text-editor.default\">\n\t\t\t\t\t\t\t\t\t<p>Directora ODEC Arequipa<\/p>\t\t\t\t\t\t\t\t<\/div>\n\t\t\t\t<\/div>\n\t\t\t\t<\/div>\n\t\t\t\t<div class=\"elementor-element elementor-element-d5eabb8 elementor-widget elementor-widget-heading\" data-id=\"d5eabb8\" data-element_type=\"widget\" data-widget_type=\"heading.default\">\n\t\t\t\t\t<h4 class=\"elementor-heading-title elementor-size-default\">Coordinadoras<\/h4>\t\t\t\t<\/div>\n\t\t<div class=\"elementor-element elementor-element-6700c51 e-con-full e-flex e-con e-child\" data-id=\"6700c51\" data-element_type=\"container\">\n\t\t<div class=\"elementor-element elementor-element-eca3b4e e-con-full e-flex e-con e-child\" data-id=\"eca3b4e\" data-element_type=\"container\" data-settings=\"{&quot;background_background&quot;:&quot;classic&quot;}\">\n\t\t\t\t<div class=\"elementor-element elementor-element-e18b8a2 elementor-view-default elementor-position-top elementor-mobile-position-top elementor-widget elementor-widget-icon-box\" data-id=\"e18b8a2\" data-element_type=\"widget\" data-widget_type=\"icon-box.default\">\n\t\t\t\t\t\t\t<div class=\"elementor-icon-box-wrapper\">\n\n\t\t\t\t\t\t<div class=\"elementor-icon-box-icon\">\n\t\t\t\t<span  class=\"elementor-icon\">\n\t\t\t\t<svg aria-hidden=\"true\" class=\"e-font-icon-svg e-far-user-circle\" viewBox=\"0 0 496 512\" xmlns=\"http:\/\/www.w3.org\/2000\/svg\"><path d=\"M248 104c-53 0-96 43-96 96s43 96 96 96 96-43 96-96-43-96-96-96zm0 144c-26.5 0-48-21.5-48-48s21.5-48 48-48 48 21.5 48 48-21.5 48-48 48zm0-240C111 8 0 119 0 256s111 248 248 248 248-111 248-248S385 8 248 8zm0 448c-49.7 0-95.1-18.3-130.1-48.4 14.9-23 40.4-38.6 69.6-39.5 20.8 6.4 40.6 9.6 60.5 9.6s39.7-3.1 60.5-9.6c29.2 1 54.7 16.5 69.6 39.5-35 30.1-80.4 48.4-130.1 48.4zm162.7-84.1c-24.4-31.4-62.1-51.9-105.1-51.9-10.2 0-26 9.6-57.6 9.6-31.5 0-47.4-9.6-57.6-9.6-42.9 0-80.6 20.5-105.1 51.9C61.9 339.2 48 299.2 48 256c0-110.3 89.7-200 200-200s200 89.7 200 200c0 43.2-13.9 83.2-37.3 115.9z\"><\/path><\/svg>\t\t\t\t<\/span>\n\t\t\t<\/div>\n\t\t\t\n\t\t\t\t\t\t<div class=\"elementor-icon-box-content\">\n\n\t\t\t\t\t\t\t\t\t<h5 class=\"elementor-icon-box-title\">\n\t\t\t\t\t\t<span  >\n\t\t\t\t\t\t\tMar\u00eda Angelita Choqueneira Reinoso\t\t\t\t\t\t<\/span>\n\t\t\t\t\t<\/h5>\n\t\t\t\t\n\t\t\t\t\t\t\t\t\t<p class=\"elementor-icon-box-description\">\n\t\t\t\t\t\todecarequipa3@gmail.com<BR> <strong>Formaci\u00f3n Permanente<\/strong>\t\t\t\t\t<\/p>\n\t\t\t\t\n\t\t\t<\/div>\n\t\t\t\n\t\t<\/div>\n\t\t\t\t\t\t<\/div>\n\t\t\t\t<\/div>\n\t\t<div class=\"elementor-element elementor-element-5f492da e-con-full e-flex e-con e-child\" data-id=\"5f492da\" data-element_type=\"container\" data-settings=\"{&quot;background_background&quot;:&quot;classic&quot;}\">\n\t\t\t\t<div class=\"elementor-element elementor-element-17af715 elementor-view-default elementor-position-top elementor-mobile-position-top elementor-widget elementor-widget-icon-box\" data-id=\"17af715\" data-element_type=\"widget\" data-widget_type=\"icon-box.default\">\n\t\t\t\t\t\t\t<div class=\"elementor-icon-box-wrapper\">\n\n\t\t\t\t\t\t<div class=\"elementor-icon-box-icon\">\n\t\t\t\t<span  class=\"elementor-icon\">\n\t\t\t\t<svg aria-hidden=\"true\" class=\"e-font-icon-svg e-far-user-circle\" viewBox=\"0 0 496 512\" xmlns=\"http:\/\/www.w3.org\/2000\/svg\"><path d=\"M248 104c-53 0-96 43-96 96s43 96 96 96 96-43 96-96-43-96-96-96zm0 144c-26.5 0-48-21.5-48-48s21.5-48 48-48 48 21.5 48 48-21.5 48-48 48zm0-240C111 8 0 119 0 256s111 248 248 248 248-111 248-248S385 8 248 8zm0 448c-49.7 0-95.1-18.3-130.1-48.4 14.9-23 40.4-38.6 69.6-39.5 20.8 6.4 40.6 9.6 60.5 9.6s39.7-3.1 60.5-9.6c29.2 1 54.7 16.5 69.6 39.5-35 30.1-80.4 48.4-130.1 48.4zm162.7-84.1c-24.4-31.4-62.1-51.9-105.1-51.9-10.2 0-26 9.6-57.6 9.6-31.5 0-47.4-9.6-57.6-9.6-42.9 0-80.6 20.5-105.1 51.9C61.9 339.2 48 299.2 48 256c0-110.3 89.7-200 200-200s200 89.7 200 200c0 43.2-13.9 83.2-37.3 115.9z\"><\/path><\/svg>\t\t\t\t<\/span>\n\t\t\t<\/div>\n\t\t\t\n\t\t\t\t\t\t<div class=\"elementor-icon-box-content\">\n\n\t\t\t\t\t\t\t\t\t<h5 class=\"elementor-icon-box-title\">\n\t\t\t\t\t\t<span  >\n\t\t\t\t\t\t\tLourdes Carla Ch\u00e1vez Chipana\t\t\t\t\t\t<\/span>\n\t\t\t\t\t<\/h5>\n\t\t\t\t\n\t\t\t\t\t\t\t\t\t<p class=\"elementor-icon-box-description\">\n\t\t\t\t\t\todecarequipa6@gmail.com<BR> <strong>Estad\u00edstica y Pastoral Educativa<\/strong>\t\t\t\t\t<\/p>\n\t\t\t\t\n\t\t\t<\/div>\n\t\t\t\n\t\t<\/div>\n\t\t\t\t\t\t<\/div>\n\t\t\t\t<\/div>\n\t\t<div class=\"elementor-element elementor-element-5d01020 e-con-full e-flex e-con e-child\" data-id=\"5d01020\" data-element_type=\"container\" data-settings=\"{&quot;background_background&quot;:&quot;classic&quot;}\">\n\t\t\t\t<div class=\"elementor-element elementor-element-a13bf4f elementor-view-default elementor-position-top elementor-mobile-position-top elementor-widget elementor-widget-icon-box\" data-id=\"a13bf4f\" data-element_type=\"widget\" data-widget_type=\"icon-box.default\">\n\t\t\t\t\t\t\t<div class=\"elementor-icon-box-wrapper\">\n\n\t\t\t\t\t\t<div class=\"elementor-icon-box-icon\">\n\t\t\t\t<span  class=\"elementor-icon\">\n\t\t\t\t<svg aria-hidden=\"true\" class=\"e-font-icon-svg e-far-user-circle\" viewBox=\"0 0 496 512\" xmlns=\"http:\/\/www.w3.org\/2000\/svg\"><path d=\"M248 104c-53 0-96 43-96 96s43 96 96 96 96-43 96-96-43-96-96-96zm0 144c-26.5 0-48-21.5-48-48s21.5-48 48-48 48 21.5 48 48-21.5 48-48 48zm0-240C111 8 0 119 0 256s111 248 248 248 248-111 248-248S385 8 248 8zm0 448c-49.7 0-95.1-18.3-130.1-48.4 14.9-23 40.4-38.6 69.6-39.5 20.8 6.4 40.6 9.6 60.5 9.6s39.7-3.1 60.5-9.6c29.2 1 54.7 16.5 69.6 39.5-35 30.1-80.4 48.4-130.1 48.4zm162.7-84.1c-24.4-31.4-62.1-51.9-105.1-51.9-10.2 0-26 9.6-57.6 9.6-31.5 0-47.4-9.6-57.6-9.6-42.9 0-80.6 20.5-105.1 51.9C61.9 339.2 48 299.2 48 256c0-110.3 89.7-200 200-200s200 89.7 200 200c0 43.2-13.9 83.2-37.3 115.9z\"><\/path><\/svg>\t\t\t\t<\/span>\n\t\t\t<\/div>\n\t\t\t\n\t\t\t\t\t\t<div class=\"elementor-icon-box-content\">\n\n\t\t\t\t\t\t\t\t\t<h5 class=\"elementor-icon-box-title\">\n\t\t\t\t\t\t<span  >\n\t\t\t\t\t\t\tSilvia Lorena Paredes Feria\t\t\t\t\t\t<\/span>\n\t\t\t\t\t<\/h5>\n\t\t\t\t\n\t\t\t\t\t\t\t\t\t<p class=\"elementor-icon-box-description\">\n\t\t\t\t\t\todecarequipa7@gmail.com<br> <strong>T\u00e9cnico Pedag\u00f3gico<\/strong>\t\t\t\t\t<\/p>\n\t\t\t\t\n\t\t\t<\/div>\n\t\t\t\n\t\t<\/div>\n\t\t\t\t\t\t<\/div>\n\t\t\t\t<\/div>\n\t\t<div class=\"elementor-element elementor-element-46bd78d e-con-full e-flex e-con e-child\" data-id=\"46bd78d\" data-element_type=\"container\" data-settings=\"{&quot;background_background&quot;:&quot;classic&quot;}\">\n\t\t\t\t<div class=\"elementor-element elementor-element-bfb6c80 elementor-view-default elementor-position-top elementor-mobile-position-top elementor-widget elementor-widget-icon-box\" data-id=\"bfb6c80\" data-element_type=\"widget\" data-widget_type=\"icon-box.default\">\n\t\t\t\t\t\t\t<div class=\"elementor-icon-box-wrapper\">\n\n\t\t\t\t\t\t<div class=\"elementor-icon-box-icon\">\n\t\t\t\t<span  class=\"elementor-icon\">\n\t\t\t\t<svg aria-hidden=\"true\" class=\"e-font-icon-svg e-far-user-circle\" viewBox=\"0 0 496 512\" xmlns=\"http:\/\/www.w3.org\/2000\/svg\"><path d=\"M248 104c-53 0-96 43-96 96s43 96 96 96 96-43 96-96-43-96-96-96zm0 144c-26.5 0-48-21.5-48-48s21.5-48 48-48 48 21.5 48 48-21.5 48-48 48zm0-240C111 8 0 119 0 256s111 248 248 248 248-111 248-248S385 8 248 8zm0 448c-49.7 0-95.1-18.3-130.1-48.4 14.9-23 40.4-38.6 69.6-39.5 20.8 6.4 40.6 9.6 60.5 9.6s39.7-3.1 60.5-9.6c29.2 1 54.7 16.5 69.6 39.5-35 30.1-80.4 48.4-130.1 48.4zm162.7-84.1c-24.4-31.4-62.1-51.9-105.1-51.9-10.2 0-26 9.6-57.6 9.6-31.5 0-47.4-9.6-57.6-9.6-42.9 0-80.6 20.5-105.1 51.9C61.9 339.2 48 299.2 48 256c0-110.3 89.7-200 200-200s200 89.7 200 200c0 43.2-13.9 83.2-37.3 115.9z\"><\/path><\/svg>\t\t\t\t<\/span>\n\t\t\t<\/div>\n\t\t\t\n\t\t\t\t\t\t<div class=\"elementor-icon-box-content\">\n\n\t\t\t\t\t\t\t\t\t<h5 class=\"elementor-icon-box-title\">\n\t\t\t\t\t\t<span  >\n\t\t\t\t\t\t\tRoc\u00edo Pilar Quico Zapana\t\t\t\t\t\t<\/span>\n\t\t\t\t\t<\/h5>\n\t\t\t\t\n\t\t\t\t\t\t\t\t\t<p class=\"elementor-icon-box-description\">\n\t\t\t\t\t\todecarequipa5@gmail.com<BR> <strong>Plazas docentes<\/strong>\t\t\t\t\t<\/p>\n\t\t\t\t\n\t\t\t<\/div>\n\t\t\t\n\t\t<\/div>\n\t\t\t\t\t\t<\/div>\n\t\t\t\t<\/div>\n\t\t\t\t<\/div>\n\t\t\t\t\t<\/div>\n\t\t\t\t<\/div>\n\t\t<div class=\"elementor-element elementor-element-10d31ae e-flex e-con-boxed e-con e-parent\" data-id=\"10d31ae\" data-element_type=\"container\">\n\t\t\t\t\t<div class=\"e-con-inner\">\n\t\t\t\t<div class=\"elementor-element elementor-element-83fe689 elementor-widget elementor-widget-heading\" data-id=\"83fe689\" data-element_type=\"widget\" data-widget_type=\"heading.default\">\n\t\t\t\t\t<h2 class=\"elementor-heading-title elementor-size-default\">Rese\u00f1a hist\u00f3rica<\/h2>\t\t\t\t<\/div>\n\t\t\t\t<div class=\"elementor-element elementor-element-2152b3b elementor-widget elementor-widget-image\" data-id=\"2152b3b\" data-element_type=\"widget\" data-widget_type=\"image.default\">\n\t\t\t\t\t\t\t\t\t\t\t\t\t\t\t<img loading=\"lazy\" decoding=\"async\" width=\"800\" height=\"221\" src=\"https:\/\/odecarequipa.com\/wp-content\/uploads\/2025\/10\/historia-1024x283.jpg\" class=\"attachment-large size-large wp-image-287\" alt=\"\" srcset=\"https:\/\/odecarequipa.com\/wp-content\/uploads\/2025\/10\/historia-1024x283.jpg 1024w, https:\/\/odecarequipa.com\/wp-content\/uploads\/2025\/10\/historia-300x83.jpg 300w, https:\/\/odecarequipa.com\/wp-content\/uploads\/2025\/10\/historia-768x212.jpg 768w, https:\/\/odecarequipa.com\/wp-content\/uploads\/2025\/10\/historia-1536x424.jpg 1536w, https:\/\/odecarequipa.com\/wp-content\/uploads\/2025\/10\/historia.jpg 1728w\" sizes=\"(max-width: 800px) 100vw, 800px\" \/>\t\t\t\t\t\t\t\t\t\t\t\t\t\t\t<\/div>\n\t\t\t\t<div class=\"elementor-element elementor-element-6208203 elementor-widget elementor-widget-text-editor\" data-id=\"6208203\" data-element_type=\"widget\" data-widget_type=\"text-editor.default\">\n\t\t\t\t\t\t\t\t\t<p>La Oficina Diocesana de Educaci\u00f3n Cat\u00f3lica (ODEC) Arequipa, fue creada en marzo de 1968 a trav\u00e9s de la Carta Episcopal emitida por el Arzobispo de Arequipa Mons. Leonardo Rodr\u00edguez Ball\u00f3n. Posteriormente por medio de la RM. 639-70-ED, se autoriza su funcionamiento con fecha 10 de marzo, garantizando de esta manera mayor coordinaci\u00f3n entre la educaci\u00f3n a cargo de la Iglesia Cat\u00f3lica y las dependencias del Ministerio de Educaci\u00f3n.<\/p><p>Es importante reconocer y recordar, como primer Director al Pbro. Santiago Delgado Butr\u00f3n, reconocido seg\u00fan Oficio M\u00faltiple Nro. 226-70-ME, siendo Arzobispo de Arequipa, Monse\u00f1or Leonardo Rodr\u00edguez Ball\u00f3n. Este cargo lo ocup\u00f3 eficientemente hasta el 30 de agosto de 1988.<\/p><p>Mediante Decreto Arzobispal 35-74 se design\u00f3 supervisores de educaci\u00f3n religiosa en los diecinueve N\u00facleos Educativos Comunales siendo sus colaboradores en esta gran labor como supervisores zonales y trabajaron como supervisores el siguiente personal:<\/p><ul><li>Pbro. Patricio Am\u00e9zquita Revilla<\/li><li>Profesora Ursula Lidia T\u00e9llez C\u00e1rdenas.<\/li><li>Hermana Gracia Dykzeul Schweitz.<\/li><li>Profesora Flor de Mar\u00eda P\u00e9rez Manrique.<\/li><li>Profesora Estrella Salas Perea.<\/li><li>Profesora Betty Honorata Abadie D\u00edaz.<\/li><li>Hermana Cecilia Amanda Jim\u00e9nez Cabrejos.<\/li><\/ul><p>\u00a0<\/p><p>Posteriormente el Arzobispo Monse\u00f1or Fernando Vargas Ruiz de Somocurcio designa al Pbro. Patricio Am\u00e9zquita Revilla como Director de la Oficina Departamental de Educaci\u00f3n Cat\u00f3lica de Arequipa, mediante Decreto Nro. 052-C-ARZ- 88 a partir del 01 de Setiembre de 1988.<\/p><p>Uno de los principales logros en este periodo fue la de restauraci\u00f3n de la casona donde funciona el local de la ODEC, lo que ayud\u00f3 a un mejor servicio a los docentes y p\u00fablico en general.<\/p><p>Monse\u00f1or Luis S\u00e1nchez Moreno Lira, por cese del Pbro. Patricio Am\u00e9zquita Revilla, designa como nuevo Director al Reverendo Padre Carlos Pighi Y\u00e1nez, SDB por medio del Decreto N\u00ba 068-C-ARZ- 2003 a partir del 11 de Agosto del 2003.<\/p><p>Luego de un trabajo arduo y eficiente, la salud del R.P. Carlos Pighi se vio mellada, motivando su renuncia ante el Arzobispo Jos\u00e9 Paulino R\u00edos Reynoso, quien acept\u00f3 su alejamiento y fue nombrado como nuevo Director de ODEC el Pbro. Alberto F\u00e9lix Condori Chambilla, con Decreto N\u00ba 006-C-ARZ- 2005 a partir del 15 de Febrero del 2005 hasta febrero del 2008.<\/p><p>Monse\u00f1or Javier Del R\u00edo Alba mediante Decreto Arzobispal 053\/08 designa como nuevo Director al R.P. Antonio Mansen Bellina, CMF y es reconocido como Director de la ODEC mediante RD 01068-2008-UGEL SUR, quien dirige la ODEC Arequipa hasta diciembre del mismo a\u00f1o.<\/p><p>Monse\u00f1or Javier Del R\u00edo Alba nombra como nuevo director de la ODEC al Rvdo. Pbro. Edward Huillcen Baca quien con alegr\u00eda y entusiasmo labora hasta finales del a\u00f1o 2013.<\/p><p>En el a\u00f1o 2014, Monse\u00f1or Javier Del R\u00edo Alba, ante la renuncia del Rvdo. Pbro. Edward Huillcen, nombra como nueva directora a la Lic Isela Cruz Vincha quien viene ejerciendo la misi\u00f3n recibida con dedicaci\u00f3n hasta el momento actual.<\/p>\t\t\t\t\t\t\t\t<\/div>\n\t\t\t\t\t<\/div>\n\t\t\t\t<\/div>\n\t\t\t\t<\/div>\n\t\t","protected":false},"excerpt":{"rendered":"<p>Con\u00f3cenos Bienvenida Te damos una cordial y fraterna bienvenida a nuestra p\u00e1gina web. Esperamos que nuestra web sirva de soporte a la comunicaci\u00f3n cercana y continua que la ODEC Arequipa quiere mantener con cada uno de nuestros profesores y con aquellos que comparten la misma vocaci\u00f3n en las instituciones educativas de Acci\u00f3n Conjunta, de Convenio, [&hellip;]<\/p>\n","protected":false},"author":1,"featured_media":0,"parent":0,"menu_order":0,"comment_status":"closed","ping_status":"closed","template":"","meta":{"footnotes":""},"class_list":["post-242","page","type-page","status-publish","hentry"],"_links":{"self":[{"href":"https:\/\/odecarequipa.com\/index.php\/wp-json\/wp\/v2\/pages\/242","targetHints":{"allow":["GET"]}}],"collection":[{"href":"https:\/\/odecarequipa.com\/index.php\/wp-json\/wp\/v2\/pages"}],"about":[{"href":"https:\/\/odecarequipa.com\/index.php\/wp-json\/wp\/v2\/types\/page"}],"author":[{"embeddable":true,"href":"https:\/\/odecarequipa.com\/index.php\/wp-json\/wp\/v2\/users\/1"}],"replies":[{"embeddable":true,"href":"https:\/\/odecarequipa.com\/index.php\/wp-json\/wp\/v2\/comments?post=242"}],"version-history":[{"count":41,"href":"https:\/\/odecarequipa.com\/index.php\/wp-json\/wp\/v2\/pages\/242\/revisions"}],"predecessor-version":[{"id":743,"href":"https:\/\/odecarequipa.com\/index.php\/wp-json\/wp\/v2\/pages\/242\/revisions\/743"}],"wp:attachment":[{"href":"https:\/\/odecarequipa.com\/index.php\/wp-json\/wp\/v2\/media?parent=242"}],"curies":[{"name":"wp","href":"https:\/\/api.w.org\/{rel}","templated":true}]}}